{"id":9980,"date":"2021-12-07T10:24:50","date_gmt":"2021-12-07T10:24:50","guid":{"rendered":"https:\/\/albirmuebles.com\/product\/ra\/"},"modified":"2021-12-07T10:25:21","modified_gmt":"2021-12-07T10:25:21","slug":"ra","status":"publish","type":"product","link":"https:\/\/albirmuebles.com\/es\/producto\/ra\/","title":{"rendered":"RA"},"content":{"rendered":"<ul>\n<li>Armaz\u00f3n de madera de pino y tablero de part\u00edculas recubierto de espuma PUR de varias densidades.<\/li>\n<li>Mecanismo interno met\u00e1lico antioxidante pintado epoxi acabado con resina.<\/li>\n<li>Somier met\u00e1lico de malla electrosoldada, unido con muelles al mecanismo y cinchas el\u00e1sticas en la zona del asiento para una correcta suspensi\u00f3n en ambas zonas.<\/li>\n<li>Almohadas totalmente desenfundables.<\/li>\n<li>Almohadas de asiento de espuma PUR 30 kg m3 suave recubiertas de fibra de poli\u00e9ster termoligada.<\/li>\n<li>Almohadas de respaldo relleno 100% de fibra hueca siliconada.<\/li>\n<li>Almohadas de brazo relleno 100%de fibra hueca siliconada.<\/li>\n<li>Totalmente desmontable.<\/li>\n<li>Opciones:\n<ul>\n<li>Colch\u00f3n Rub\u00ed XL<\/li>\n<li>Colch\u00f3n\u00a0 Pisa Visco.<\/li>\n<li>Elevador con ruedas en el mecanismo.<\/li>\n<li>Topper-memory.<\/li>\n<\/ul>\n<\/li>\n<\/ul>\n<table class=\"tbmedidas\">\n<tbody>\n<tr>\n<td><b>RA<\/b><\/td>\n<td><b>Alto<\/b><\/td>\n<td><b>Ancho<\/b><\/td>\n<td><b>Fondo<\/b><\/td>\n<td><b>Altura asiento<\/b><\/td>\n<td><b>Ancho de brazo<\/b><\/td>\n<td><b>Fondo cama abierta<\/b><\/td>\n<td><b>Cama \u00fatil<\/b><\/td>\n<\/tr>\n<tr>\n<td><b>Chaise Longue con arc\u00f3n<\/b><\/td>\n<td>94<\/td>\n<td>82<\/td>\n<td>155<\/td>\n<td>46<\/td>\n<td><\/td>\n<td><\/td>\n<td><\/td>\n<\/tr>\n<tr>\n<td><b>Sof\u00e1 cama\u00a0080<\/b><\/td>\n<td>94<\/td>\n<td>110<\/td>\n<td>101<\/td>\n<td>46<\/td>\n<td><\/td>\n<td>210<\/td>\n<td>080\u00d7200<\/td>\n<\/tr>\n<tr>\n<td><b>Sof\u00e1 cama 100<\/b><\/td>\n<td>94<\/td>\n<td>130<\/td>\n<td>101<\/td>\n<td>46<\/td>\n<td><\/td>\n<td>210<\/td>\n<td>100\u00d7200<\/td>\n<\/tr>\n<tr>\n<td><b>Sof\u00e1 cama 120<\/b><\/td>\n<td>94<\/td>\n<td>150<\/td>\n<td>101<\/td>\n<td>46<\/td>\n<td><\/td>\n<td>210<\/td>\n<td>120\u00d7200<\/td>\n<\/tr>\n<tr>\n<td><b>Sof\u00e1 cama 140<\/b><\/td>\n<td>94<\/td>\n<td>170<\/td>\n<td>101<\/td>\n<td>46<\/td>\n<td><\/td>\n<td>210<\/td>\n<td>140\u00d7200<\/td>\n<\/tr>\n<tr>\n<td><b>Sof\u00e1 cama 160<\/b><\/td>\n<td>94<\/td>\n<td>190<\/td>\n<td>101<\/td>\n<td>46<\/td>\n<td><\/td>\n<td>210<\/td>\n<td>160\u00d7200<\/td>\n<\/tr>\n<tr>\n<td><b>Sof\u00e1 fijo 2pl<\/b><\/td>\n<td>94<\/td>\n<td>130<\/td>\n<td>101<\/td>\n<td>46<\/td>\n<td><\/td>\n<td><\/td>\n<td><\/td>\n<\/tr>\n<\/tbody>\n<\/table>\n<p><img decoding=\"async\" class=\"aligncenter wp-image-16160 size-full\" src=\"https:\/\/www.suinta.com\/web\/wp-content\/uploads\/2014\/07\/medidas-sofa-cama-es1.png\" sizes=\"(max-width: 464px) 100vw, 464px\" srcset=\"https:\/\/www.suinta.com\/web\/wp-content\/uploads\/2014\/07\/medidas-sofa-cama-es1-300x88.png 300w, https:\/\/www.suinta.com\/web\/wp-content\/uploads\/2014\/07\/medidas-sofa-cama-es1.png 464w\" alt=\"\" width=\"464\" height=\"137\" \/><\/p>\n","protected":false},"excerpt":{"rendered":"<p>Armaz\u00f3n de madera de pino y tablero de part\u00edculas recubierto de espuma PUR de varias densidades. Mecanismo interno met\u00e1lico antioxidante pintado epoxi acabado con resina. Somier met\u00e1lico de malla electrosoldada, unido con muelles al mecanismo y cinchas el\u00e1sticas en la zona del asiento para una correcta suspensi\u00f3n en ambas zonas. Almohadas totalmente desenfundables. Almohadas de [&hellip;]<\/p>\n","protected":false},"featured_media":9972,"comment_status":"closed","ping_status":"closed","template":"","meta":[],"product_cat":[175],"product_tag":[],"class_list":["post-9980","product","type-product","status-publish","has-post-thumbnail","hentry","product_cat-sofa-cama"],"yoast_head":"<!-- This site is optimized with the Yoast SEO plugin v26.7 - https:\/\/yoast.com\/wordpress\/plugins\/seo\/ -->\n<title>RA - Muebles Albir<\/title>\n<meta name=\"robots\" content=\"index, follow, max-snippet:-1, max-image-preview:large, max-video-preview:-1\" \/>\n<link rel=\"canonical\" href=\"https:\/\/albirmuebles.com\/es\/producto\/ra\/\" \/>\n<meta property=\"og:locale\" content=\"es_ES\" \/>\n<meta property=\"og:type\" content=\"article\" \/>\n<meta property=\"og:title\" content=\"RA - Muebles Albir\" \/>\n<meta property=\"og:description\" content=\"Armaz\u00f3n de madera de pino y tablero de part\u00edculas recubierto de espuma PUR de varias densidades. Mecanismo interno met\u00e1lico antioxidante pintado epoxi acabado con resina. Somier met\u00e1lico de malla electrosoldada, unido con muelles al mecanismo y cinchas el\u00e1sticas en la zona del asiento para una correcta suspensi\u00f3n en ambas zonas. Almohadas totalmente desenfundables. Almohadas de [&hellip;]\" \/>\n<meta property=\"og:url\" content=\"https:\/\/albirmuebles.com\/es\/producto\/ra\/\" \/>\n<meta property=\"og:site_name\" content=\"Muebles Albir\" \/>\n<meta property=\"article:publisher\" content=\"https:\/\/www.facebook.com\/Albir-Muebles-217159521715557\/\" \/>\n<meta property=\"article:modified_time\" content=\"2021-12-07T10:25:21+00:00\" \/>\n<meta property=\"og:image\" content=\"https:\/\/albirmuebles.com\/wp-content\/uploads\/2021\/12\/VERAP-007.jpg\" \/>\n\t<meta property=\"og:image:width\" content=\"1100\" \/>\n\t<meta property=\"og:image:height\" content=\"619\" \/>\n\t<meta property=\"og:image:type\" content=\"image\/jpeg\" \/>\n<meta name=\"twitter:card\" content=\"summary_large_image\" \/>\n<meta name=\"twitter:label1\" content=\"Tiempo de lectura\" \/>\n\t<meta name=\"twitter:data1\" content=\"1 minuto\" \/>\n<script type=\"application\/ld+json\" class=\"yoast-schema-graph\">{\"@context\":\"https:\/\/schema.org\",\"@graph\":[{\"@type\":\"WebPage\",\"@id\":\"https:\/\/albirmuebles.com\/es\/producto\/ra\/\",\"url\":\"https:\/\/albirmuebles.com\/es\/producto\/ra\/\",\"name\":\"RA - Muebles Albir\",\"isPartOf\":{\"@id\":\"https:\/\/albirmuebles.com\/#website\"},\"primaryImageOfPage\":{\"@id\":\"https:\/\/albirmuebles.com\/es\/producto\/ra\/#primaryimage\"},\"image\":{\"@id\":\"https:\/\/albirmuebles.com\/es\/producto\/ra\/#primaryimage\"},\"thumbnailUrl\":\"https:\/\/e3vgfxkvpic.exactdn.com\/wp-content\/uploads\/2021\/12\/VERAP-007.jpg?strip=all\",\"datePublished\":\"2021-12-07T10:24:50+00:00\",\"dateModified\":\"2021-12-07T10:25:21+00:00\",\"breadcrumb\":{\"@id\":\"https:\/\/albirmuebles.com\/es\/producto\/ra\/#breadcrumb\"},\"inLanguage\":\"es\",\"potentialAction\":[{\"@type\":\"ReadAction\",\"target\":[\"https:\/\/albirmuebles.com\/es\/producto\/ra\/\"]}]},{\"@type\":\"ImageObject\",\"inLanguage\":\"es\",\"@id\":\"https:\/\/albirmuebles.com\/es\/producto\/ra\/#primaryimage\",\"url\":\"https:\/\/e3vgfxkvpic.exactdn.com\/wp-content\/uploads\/2021\/12\/VERAP-007.jpg?strip=all\",\"contentUrl\":\"https:\/\/e3vgfxkvpic.exactdn.com\/wp-content\/uploads\/2021\/12\/VERAP-007.jpg?strip=all\",\"width\":1100,\"height\":619},{\"@type\":\"BreadcrumbList\",\"@id\":\"https:\/\/albirmuebles.com\/es\/producto\/ra\/#breadcrumb\",\"itemListElement\":[{\"@type\":\"ListItem\",\"position\":1,\"name\":\"Home\",\"item\":\"https:\/\/albirmuebles.com\/es\/\"},{\"@type\":\"ListItem\",\"position\":2,\"name\":\"Shop\",\"item\":\"https:\/\/albirmuebles.com\/shop\/\"},{\"@type\":\"ListItem\",\"position\":3,\"name\":\"RA\"}]},{\"@type\":\"WebSite\",\"@id\":\"https:\/\/albirmuebles.com\/#website\",\"url\":\"https:\/\/albirmuebles.com\/\",\"name\":\"Muebles Albir\",\"description\":\"Muebles Albir\",\"publisher\":{\"@id\":\"https:\/\/albirmuebles.com\/#organization\"},\"potentialAction\":[{\"@type\":\"SearchAction\",\"target\":{\"@type\":\"EntryPoint\",\"urlTemplate\":\"https:\/\/albirmuebles.com\/?s={search_term_string}\"},\"query-input\":{\"@type\":\"PropertyValueSpecification\",\"valueRequired\":true,\"valueName\":\"search_term_string\"}}],\"inLanguage\":\"es\"},{\"@type\":\"Organization\",\"@id\":\"https:\/\/albirmuebles.com\/#organization\",\"name\":\"Albirmuebles\",\"url\":\"https:\/\/albirmuebles.com\/\",\"logo\":{\"@type\":\"ImageObject\",\"inLanguage\":\"es\",\"@id\":\"https:\/\/albirmuebles.com\/#\/schema\/logo\/image\/\",\"url\":\"https:\/\/albirmuebles.com\/wp-content\/uploads\/2020\/10\/logo_albir.png\",\"contentUrl\":\"https:\/\/albirmuebles.com\/wp-content\/uploads\/2020\/10\/logo_albir.png\",\"width\":800,\"height\":235,\"caption\":\"Albirmuebles\"},\"image\":{\"@id\":\"https:\/\/albirmuebles.com\/#\/schema\/logo\/image\/\"},\"sameAs\":[\"https:\/\/www.facebook.com\/Albir-Muebles-217159521715557\/\",\"https:\/\/www.instagram.com\/albir.muebles\/\"]}]}<\/script>\n<!-- \/ Yoast SEO plugin. -->","yoast_head_json":{"title":"RA - Muebles Albir","robots":{"index":"index","follow":"follow","max-snippet":"max-snippet:-1","max-image-preview":"max-image-preview:large","max-video-preview":"max-video-preview:-1"},"canonical":"https:\/\/albirmuebles.com\/es\/producto\/ra\/","og_locale":"es_ES","og_type":"article","og_title":"RA - Muebles Albir","og_description":"Armaz\u00f3n de madera de pino y tablero de part\u00edculas recubierto de espuma PUR de varias densidades. Mecanismo interno met\u00e1lico antioxidante pintado epoxi acabado con resina. Somier met\u00e1lico de malla electrosoldada, unido con muelles al mecanismo y cinchas el\u00e1sticas en la zona del asiento para una correcta suspensi\u00f3n en ambas zonas. Almohadas totalmente desenfundables. Almohadas de [&hellip;]","og_url":"https:\/\/albirmuebles.com\/es\/producto\/ra\/","og_site_name":"Muebles Albir","article_publisher":"https:\/\/www.facebook.com\/Albir-Muebles-217159521715557\/","article_modified_time":"2021-12-07T10:25:21+00:00","og_image":[{"width":1100,"height":619,"url":"https:\/\/albirmuebles.com\/wp-content\/uploads\/2021\/12\/VERAP-007.jpg","type":"image\/jpeg"}],"twitter_card":"summary_large_image","twitter_misc":{"Tiempo de lectura":"1 minuto"},"schema":{"@context":"https:\/\/schema.org","@graph":[{"@type":"WebPage","@id":"https:\/\/albirmuebles.com\/es\/producto\/ra\/","url":"https:\/\/albirmuebles.com\/es\/producto\/ra\/","name":"RA - Muebles Albir","isPartOf":{"@id":"https:\/\/albirmuebles.com\/#website"},"primaryImageOfPage":{"@id":"https:\/\/albirmuebles.com\/es\/producto\/ra\/#primaryimage"},"image":{"@id":"https:\/\/albirmuebles.com\/es\/producto\/ra\/#primaryimage"},"thumbnailUrl":"https:\/\/e3vgfxkvpic.exactdn.com\/wp-content\/uploads\/2021\/12\/VERAP-007.jpg?strip=all","datePublished":"2021-12-07T10:24:50+00:00","dateModified":"2021-12-07T10:25:21+00:00","breadcrumb":{"@id":"https:\/\/albirmuebles.com\/es\/producto\/ra\/#breadcrumb"},"inLanguage":"es","potentialAction":[{"@type":"ReadAction","target":["https:\/\/albirmuebles.com\/es\/producto\/ra\/"]}]},{"@type":"ImageObject","inLanguage":"es","@id":"https:\/\/albirmuebles.com\/es\/producto\/ra\/#primaryimage","url":"https:\/\/e3vgfxkvpic.exactdn.com\/wp-content\/uploads\/2021\/12\/VERAP-007.jpg?strip=all","contentUrl":"https:\/\/e3vgfxkvpic.exactdn.com\/wp-content\/uploads\/2021\/12\/VERAP-007.jpg?strip=all","width":1100,"height":619},{"@type":"BreadcrumbList","@id":"https:\/\/albirmuebles.com\/es\/producto\/ra\/#breadcrumb","itemListElement":[{"@type":"ListItem","position":1,"name":"Home","item":"https:\/\/albirmuebles.com\/es\/"},{"@type":"ListItem","position":2,"name":"Shop","item":"https:\/\/albirmuebles.com\/shop\/"},{"@type":"ListItem","position":3,"name":"RA"}]},{"@type":"WebSite","@id":"https:\/\/albirmuebles.com\/#website","url":"https:\/\/albirmuebles.com\/","name":"Muebles Albir","description":"Muebles Albir","publisher":{"@id":"https:\/\/albirmuebles.com\/#organization"},"potentialAction":[{"@type":"SearchAction","target":{"@type":"EntryPoint","urlTemplate":"https:\/\/albirmuebles.com\/?s={search_term_string}"},"query-input":{"@type":"PropertyValueSpecification","valueRequired":true,"valueName":"search_term_string"}}],"inLanguage":"es"},{"@type":"Organization","@id":"https:\/\/albirmuebles.com\/#organization","name":"Albirmuebles","url":"https:\/\/albirmuebles.com\/","logo":{"@type":"ImageObject","inLanguage":"es","@id":"https:\/\/albirmuebles.com\/#\/schema\/logo\/image\/","url":"https:\/\/albirmuebles.com\/wp-content\/uploads\/2020\/10\/logo_albir.png","contentUrl":"https:\/\/albirmuebles.com\/wp-content\/uploads\/2020\/10\/logo_albir.png","width":800,"height":235,"caption":"Albirmuebles"},"image":{"@id":"https:\/\/albirmuebles.com\/#\/schema\/logo\/image\/"},"sameAs":["https:\/\/www.facebook.com\/Albir-Muebles-217159521715557\/","https:\/\/www.instagram.com\/albir.muebles\/"]}]}},"_links":{"self":[{"href":"https:\/\/albirmuebles.com\/es\/wp-json\/wp\/v2\/product\/9980","targetHints":{"allow":["GET"]}}],"collection":[{"href":"https:\/\/albirmuebles.com\/es\/wp-json\/wp\/v2\/product"}],"about":[{"href":"https:\/\/albirmuebles.com\/es\/wp-json\/wp\/v2\/types\/product"}],"replies":[{"embeddable":true,"href":"https:\/\/albirmuebles.com\/es\/wp-json\/wp\/v2\/comments?post=9980"}],"version-history":[{"count":1,"href":"https:\/\/albirmuebles.com\/es\/wp-json\/wp\/v2\/product\/9980\/revisions"}],"predecessor-version":[{"id":9981,"href":"https:\/\/albirmuebles.com\/es\/wp-json\/wp\/v2\/product\/9980\/revisions\/9981"}],"wp:featuredmedia":[{"embeddable":true,"href":"https:\/\/albirmuebles.com\/es\/wp-json\/wp\/v2\/media\/9972"}],"wp:attachment":[{"href":"https:\/\/albirmuebles.com\/es\/wp-json\/wp\/v2\/media?parent=9980"}],"wp:term":[{"taxonomy":"product_cat","embeddable":true,"href":"https:\/\/albirmuebles.com\/es\/wp-json\/wp\/v2\/product_cat?post=9980"},{"taxonomy":"product_tag","embeddable":true,"href":"https:\/\/albirmuebles.com\/es\/wp-json\/wp\/v2\/product_tag?post=9980"}],"curies":[{"name":"wp","href":"https:\/\/api.w.org\/{rel}","templated":true}]}}