{"id":9610,"date":"2021-04-21T16:07:07","date_gmt":"2021-04-21T16:07:07","guid":{"rendered":"https:\/\/albirmuebles.com\/product\/luna-744\/"},"modified":"2021-04-21T16:07:07","modified_gmt":"2021-04-21T16:07:07","slug":"luna-744","status":"publish","type":"product","link":"https:\/\/albirmuebles.com\/es\/producto\/luna-744\/","title":{"rendered":"Luna &#8211; 744"},"content":{"rendered":"<table class = \"woocommerce-product-atributos shop_attributes\">\n<tbody>\n<tr class = \"art\u00edculo-atributos-producto-woocommerce-art\u00edculo-atributos-producto-woocommerce - atributo_pa_color\">\n<th class = \"woocommerce-product-attribute-item__label\"> Color <\/th>\n<td class = \"woocommerce-product-attribute-item__value\"> BLANCO <\/td>\n<\/tr>\n<tr class = \"art\u00edculo-atributos-del-producto-woocommerce-art\u00edculo-atributos-del-producto-woocommerce - atributo_pa_material\">\n<th class = \"woocommerce-product-attribute-item__label\"> Material <\/th>\n<td class = \"woocommerce-product-attribute-item__value\"> MADERA \/ CROMO LACADO ALTO BRILLO <\/td>\n<\/tr>\n<tr class = \"art\u00edculo-atributos-del-producto-woocommerce-art\u00edculo-atributos-del-producto-woocommerce - atributo_pa_patas\">\n<th class = \"woocommerce-product-attribute-item__label\"> Piernas <\/th>\n<td class = \"woocommerce-product-attribute-item__value\"> METAL <\/td>\n<\/tr>\n<tr class = \"art\u00edculo-atributos-producto-woocommerce-art\u00edculo-atributos-producto-woocommerce - atributo_pa_categor\u00eda\">\n<th class = \"woocommerce-product-attribute-item__label\"> Categor\u00eda <\/th>\n<td class = \"woocommerce-product-attribute-item__value\"> VESTIDOR <\/td>\n<\/tr>\n<tr class = \"art\u00edculo-atributos-producto-woocommerce-art\u00edculo-atributos-producto-woocommerce - atributo_pa_collection\">\n<th class = \"woocommerce-product-attribute-item__label\"> Colecci\u00f3n <\/th>\n<td class = \"woocommerce-product-attribute-item__value\"> LUNA <\/td>\n<\/tr>\n<tr class = \"art\u00edculo-atributos-producto-woocommerce-art\u00edculo-atributos-producto-woocommerce - atributo_pa_dimensiones\">\n<th class = \"woocommerce-product-attribute-item__label\"> Dimensiones <\/th>\n<td class = \"woocommerce-product-attribute-item__value\"> 120 x 50 x 125 CM <\/td>\n<\/tr>\n<tr class = \"art\u00edculo-atributos-producto-woocommerce-art\u00edculo-atributos-producto-woocommerce - atributo_pa_dimension-empaquetado\">\n<th class = \"woocommerce-product-attribute-item__label\"> Dimensi\u00f3n de empaque <\/th>\n<td class = \"woocommerce-product-attribute-item__value\"> 72 x 66 x 22 \/\/ 128 x 57 x 13 <\/td>\n<\/tr>\n<tr class = \"art\u00edculo-atributos-del-producto-woocommerce-art\u00edculo-atributos-del-producto-woocommerce - atributo_pa_volumen-m3\">\n<th class = \"woocommerce-product-attribute-item__label\"> Volumen (m3) <\/th>\n<td class = \"woocommerce-product-attribute-item__value\"> 0.22 <\/td>\n<\/tr>\n<tr class = \"art\u00edculo-atributos-del-producto-woocommerce-art\u00edculo-atributos-del-producto-woocommerce - atributo_pa_peso-del-producto\">\n<th class = \"woocommerce-product-attribute-item__label\"> Peso del producto <\/th>\n<td class = \"woocommerce-product-attribute-item__value\"> 55 kg <\/td>\n<\/tr>\n<tr class = \"art\u00edculo-atributos-del-producto-woocommerce-art\u00edculo-atributos-del-producto-woocommerce - atributo_pa_number-of-parts\">\n<th class = \"woocommerce-product-attribute-item__label\"> N\u00famero de piezas <\/th>\n<td class = \"woocommerce-product-attribute-item__value\"> 1 <\/td>\n<\/tr>\n<tr class = \"art\u00edculo-atributos-producto-woocommerce-art\u00edculo-atributos-producto-woocommerce - atributo_pa_number-of-packages\">\n<th class = \"woocommerce-product-attribute-item__label\"> N\u00famero de paquetes <\/th>\n<td class = \"woocommerce-product-attribute-item__value\"> 1 <\/td>\n<\/tr>\n<tr class = \"art\u00edculo-atributos-producto-woocommerce-art\u00edculo-atributos-producto-woocommerce - atributo_pa_producto-manejo\">\n<th class = \"woocommerce-product-attribute-item__label\"> Manejo del producto <\/th>\n<td class = \"woocommerce-product-attribute-item__value\"> 2 PERSONAS <\/td>\n<\/tr>\n<tr class = \"art\u00edculo-atributos-del-producto-woocommerce-art\u00edculo-atributos-del-producto-woocommerce - atributo_pa_recomendacion-de-cares\">\n<th class = \"woocommerce-product-attribute-item__label\"> Recomendaci\u00f3n de cuidados <\/th>\n<td class = \"woocommerce-product-attribute-item__value\"> Limpiar con un pa\u00f1o h\u00famedo <\/td>\n<\/tr>\n<\/tbody>\n<\/table>\n","protected":false},"excerpt":{"rendered":"<p>Color BLANCO Material MADERA \/ CROMO LACADO ALTO BRILLO Piernas METAL Categor\u00eda VESTIDOR Colecci\u00f3n LUNA Dimensiones 120 x 50 x 125 CM Dimensi\u00f3n de empaque 72 x 66 x 22 \/\/ 128 x 57 x 13 Volumen (m3) 0.22 Peso del producto 55 kg N\u00famero de piezas 1 N\u00famero de paquetes 1 Manejo del producto [&hellip;]<\/p>\n","protected":false},"featured_media":9611,"comment_status":"closed","ping_status":"closed","template":"","meta":[],"product_cat":[174],"product_tag":[],"class_list":["post-9610","product","type-product","status-publish","has-post-thumbnail","hentry","product_cat-aparador"],"yoast_head":"<!-- This site is optimized with the Yoast SEO plugin v26.7 - https:\/\/yoast.com\/wordpress\/plugins\/seo\/ -->\n<title>Luna - 744 - Muebles Albir<\/title>\n<meta name=\"robots\" content=\"index, follow, max-snippet:-1, max-image-preview:large, max-video-preview:-1\" \/>\n<link rel=\"canonical\" href=\"https:\/\/albirmuebles.com\/es\/producto\/luna-744\/\" \/>\n<meta property=\"og:locale\" content=\"es_ES\" \/>\n<meta property=\"og:type\" content=\"article\" \/>\n<meta property=\"og:title\" content=\"Luna - 744 - Muebles Albir\" \/>\n<meta property=\"og:description\" content=\"Color BLANCO Material MADERA \/ CROMO LACADO ALTO BRILLO Piernas METAL Categor\u00eda VESTIDOR Colecci\u00f3n LUNA Dimensiones 120 x 50 x 125 CM Dimensi\u00f3n de empaque 72 x 66 x 22 \/\/ 128 x 57 x 13 Volumen (m3) 0.22 Peso del producto 55 kg N\u00famero de piezas 1 N\u00famero de paquetes 1 Manejo del producto [&hellip;]\" \/>\n<meta property=\"og:url\" content=\"https:\/\/albirmuebles.com\/es\/producto\/luna-744\/\" \/>\n<meta property=\"og:site_name\" content=\"Muebles Albir\" \/>\n<meta property=\"article:publisher\" content=\"https:\/\/www.facebook.com\/Albir-Muebles-217159521715557\/\" \/>\n<meta property=\"og:image\" content=\"https:\/\/albirmuebles.com\/wp-content\/uploads\/2021\/04\/W-744-scaled-1.jpg\" \/>\n\t<meta property=\"og:image:width\" content=\"2560\" \/>\n\t<meta property=\"og:image:height\" content=\"2560\" \/>\n\t<meta property=\"og:image:type\" content=\"image\/jpeg\" \/>\n<meta name=\"twitter:card\" content=\"summary_large_image\" \/>\n<script type=\"application\/ld+json\" class=\"yoast-schema-graph\">{\"@context\":\"https:\/\/schema.org\",\"@graph\":[{\"@type\":\"WebPage\",\"@id\":\"https:\/\/albirmuebles.com\/es\/producto\/luna-744\/\",\"url\":\"https:\/\/albirmuebles.com\/es\/producto\/luna-744\/\",\"name\":\"Luna - 744 - Muebles Albir\",\"isPartOf\":{\"@id\":\"https:\/\/albirmuebles.com\/#website\"},\"primaryImageOfPage\":{\"@id\":\"https:\/\/albirmuebles.com\/es\/producto\/luna-744\/#primaryimage\"},\"image\":{\"@id\":\"https:\/\/albirmuebles.com\/es\/producto\/luna-744\/#primaryimage\"},\"thumbnailUrl\":\"https:\/\/e3vgfxkvpic.exactdn.com\/wp-content\/uploads\/2021\/04\/W-744-scaled-1.jpg?strip=all\",\"datePublished\":\"2021-04-21T16:07:07+00:00\",\"breadcrumb\":{\"@id\":\"https:\/\/albirmuebles.com\/es\/producto\/luna-744\/#breadcrumb\"},\"inLanguage\":\"es\",\"potentialAction\":[{\"@type\":\"ReadAction\",\"target\":[\"https:\/\/albirmuebles.com\/es\/producto\/luna-744\/\"]}]},{\"@type\":\"ImageObject\",\"inLanguage\":\"es\",\"@id\":\"https:\/\/albirmuebles.com\/es\/producto\/luna-744\/#primaryimage\",\"url\":\"https:\/\/e3vgfxkvpic.exactdn.com\/wp-content\/uploads\/2021\/04\/W-744-scaled-1.jpg?strip=all\",\"contentUrl\":\"https:\/\/e3vgfxkvpic.exactdn.com\/wp-content\/uploads\/2021\/04\/W-744-scaled-1.jpg?strip=all\",\"width\":2560,\"height\":2560},{\"@type\":\"BreadcrumbList\",\"@id\":\"https:\/\/albirmuebles.com\/es\/producto\/luna-744\/#breadcrumb\",\"itemListElement\":[{\"@type\":\"ListItem\",\"position\":1,\"name\":\"Home\",\"item\":\"https:\/\/albirmuebles.com\/es\/\"},{\"@type\":\"ListItem\",\"position\":2,\"name\":\"Shop\",\"item\":\"https:\/\/albirmuebles.com\/shop\/\"},{\"@type\":\"ListItem\",\"position\":3,\"name\":\"Luna &#8211; 744\"}]},{\"@type\":\"WebSite\",\"@id\":\"https:\/\/albirmuebles.com\/#website\",\"url\":\"https:\/\/albirmuebles.com\/\",\"name\":\"Muebles Albir\",\"description\":\"Muebles Albir\",\"publisher\":{\"@id\":\"https:\/\/albirmuebles.com\/#organization\"},\"potentialAction\":[{\"@type\":\"SearchAction\",\"target\":{\"@type\":\"EntryPoint\",\"urlTemplate\":\"https:\/\/albirmuebles.com\/?s={search_term_string}\"},\"query-input\":{\"@type\":\"PropertyValueSpecification\",\"valueRequired\":true,\"valueName\":\"search_term_string\"}}],\"inLanguage\":\"es\"},{\"@type\":\"Organization\",\"@id\":\"https:\/\/albirmuebles.com\/#organization\",\"name\":\"Albirmuebles\",\"url\":\"https:\/\/albirmuebles.com\/\",\"logo\":{\"@type\":\"ImageObject\",\"inLanguage\":\"es\",\"@id\":\"https:\/\/albirmuebles.com\/#\/schema\/logo\/image\/\",\"url\":\"https:\/\/albirmuebles.com\/wp-content\/uploads\/2020\/10\/logo_albir.png\",\"contentUrl\":\"https:\/\/albirmuebles.com\/wp-content\/uploads\/2020\/10\/logo_albir.png\",\"width\":800,\"height\":235,\"caption\":\"Albirmuebles\"},\"image\":{\"@id\":\"https:\/\/albirmuebles.com\/#\/schema\/logo\/image\/\"},\"sameAs\":[\"https:\/\/www.facebook.com\/Albir-Muebles-217159521715557\/\",\"https:\/\/www.instagram.com\/albir.muebles\/\"]}]}<\/script>\n<!-- \/ Yoast SEO plugin. -->","yoast_head_json":{"title":"Luna - 744 - Muebles Albir","robots":{"index":"index","follow":"follow","max-snippet":"max-snippet:-1","max-image-preview":"max-image-preview:large","max-video-preview":"max-video-preview:-1"},"canonical":"https:\/\/albirmuebles.com\/es\/producto\/luna-744\/","og_locale":"es_ES","og_type":"article","og_title":"Luna - 744 - Muebles Albir","og_description":"Color BLANCO Material MADERA \/ CROMO LACADO ALTO BRILLO Piernas METAL Categor\u00eda VESTIDOR Colecci\u00f3n LUNA Dimensiones 120 x 50 x 125 CM Dimensi\u00f3n de empaque 72 x 66 x 22 \/\/ 128 x 57 x 13 Volumen (m3) 0.22 Peso del producto 55 kg N\u00famero de piezas 1 N\u00famero de paquetes 1 Manejo del producto [&hellip;]","og_url":"https:\/\/albirmuebles.com\/es\/producto\/luna-744\/","og_site_name":"Muebles Albir","article_publisher":"https:\/\/www.facebook.com\/Albir-Muebles-217159521715557\/","og_image":[{"width":2560,"height":2560,"url":"https:\/\/albirmuebles.com\/wp-content\/uploads\/2021\/04\/W-744-scaled-1.jpg","type":"image\/jpeg"}],"twitter_card":"summary_large_image","schema":{"@context":"https:\/\/schema.org","@graph":[{"@type":"WebPage","@id":"https:\/\/albirmuebles.com\/es\/producto\/luna-744\/","url":"https:\/\/albirmuebles.com\/es\/producto\/luna-744\/","name":"Luna - 744 - Muebles Albir","isPartOf":{"@id":"https:\/\/albirmuebles.com\/#website"},"primaryImageOfPage":{"@id":"https:\/\/albirmuebles.com\/es\/producto\/luna-744\/#primaryimage"},"image":{"@id":"https:\/\/albirmuebles.com\/es\/producto\/luna-744\/#primaryimage"},"thumbnailUrl":"https:\/\/e3vgfxkvpic.exactdn.com\/wp-content\/uploads\/2021\/04\/W-744-scaled-1.jpg?strip=all","datePublished":"2021-04-21T16:07:07+00:00","breadcrumb":{"@id":"https:\/\/albirmuebles.com\/es\/producto\/luna-744\/#breadcrumb"},"inLanguage":"es","potentialAction":[{"@type":"ReadAction","target":["https:\/\/albirmuebles.com\/es\/producto\/luna-744\/"]}]},{"@type":"ImageObject","inLanguage":"es","@id":"https:\/\/albirmuebles.com\/es\/producto\/luna-744\/#primaryimage","url":"https:\/\/e3vgfxkvpic.exactdn.com\/wp-content\/uploads\/2021\/04\/W-744-scaled-1.jpg?strip=all","contentUrl":"https:\/\/e3vgfxkvpic.exactdn.com\/wp-content\/uploads\/2021\/04\/W-744-scaled-1.jpg?strip=all","width":2560,"height":2560},{"@type":"BreadcrumbList","@id":"https:\/\/albirmuebles.com\/es\/producto\/luna-744\/#breadcrumb","itemListElement":[{"@type":"ListItem","position":1,"name":"Home","item":"https:\/\/albirmuebles.com\/es\/"},{"@type":"ListItem","position":2,"name":"Shop","item":"https:\/\/albirmuebles.com\/shop\/"},{"@type":"ListItem","position":3,"name":"Luna &#8211; 744"}]},{"@type":"WebSite","@id":"https:\/\/albirmuebles.com\/#website","url":"https:\/\/albirmuebles.com\/","name":"Muebles Albir","description":"Muebles Albir","publisher":{"@id":"https:\/\/albirmuebles.com\/#organization"},"potentialAction":[{"@type":"SearchAction","target":{"@type":"EntryPoint","urlTemplate":"https:\/\/albirmuebles.com\/?s={search_term_string}"},"query-input":{"@type":"PropertyValueSpecification","valueRequired":true,"valueName":"search_term_string"}}],"inLanguage":"es"},{"@type":"Organization","@id":"https:\/\/albirmuebles.com\/#organization","name":"Albirmuebles","url":"https:\/\/albirmuebles.com\/","logo":{"@type":"ImageObject","inLanguage":"es","@id":"https:\/\/albirmuebles.com\/#\/schema\/logo\/image\/","url":"https:\/\/albirmuebles.com\/wp-content\/uploads\/2020\/10\/logo_albir.png","contentUrl":"https:\/\/albirmuebles.com\/wp-content\/uploads\/2020\/10\/logo_albir.png","width":800,"height":235,"caption":"Albirmuebles"},"image":{"@id":"https:\/\/albirmuebles.com\/#\/schema\/logo\/image\/"},"sameAs":["https:\/\/www.facebook.com\/Albir-Muebles-217159521715557\/","https:\/\/www.instagram.com\/albir.muebles\/"]}]}},"_links":{"self":[{"href":"https:\/\/albirmuebles.com\/es\/wp-json\/wp\/v2\/product\/9610","targetHints":{"allow":["GET"]}}],"collection":[{"href":"https:\/\/albirmuebles.com\/es\/wp-json\/wp\/v2\/product"}],"about":[{"href":"https:\/\/albirmuebles.com\/es\/wp-json\/wp\/v2\/types\/product"}],"replies":[{"embeddable":true,"href":"https:\/\/albirmuebles.com\/es\/wp-json\/wp\/v2\/comments?post=9610"}],"version-history":[{"count":0,"href":"https:\/\/albirmuebles.com\/es\/wp-json\/wp\/v2\/product\/9610\/revisions"}],"wp:featuredmedia":[{"embeddable":true,"href":"https:\/\/albirmuebles.com\/es\/wp-json\/wp\/v2\/media\/9611"}],"wp:attachment":[{"href":"https:\/\/albirmuebles.com\/es\/wp-json\/wp\/v2\/media?parent=9610"}],"wp:term":[{"taxonomy":"product_cat","embeddable":true,"href":"https:\/\/albirmuebles.com\/es\/wp-json\/wp\/v2\/product_cat?post=9610"},{"taxonomy":"product_tag","embeddable":true,"href":"https:\/\/albirmuebles.com\/es\/wp-json\/wp\/v2\/product_tag?post=9610"}],"curies":[{"name":"wp","href":"https:\/\/api.w.org\/{rel}","templated":true}]}}