{"id":9273,"date":"2021-03-02T15:54:14","date_gmt":"2021-03-02T15:54:14","guid":{"rendered":"https:\/\/albirmuebles.com\/product\/gaudixmulticojines\/"},"modified":"2021-03-02T15:54:14","modified_gmt":"2021-03-02T15:54:14","slug":"gaudixmulticojines","status":"publish","type":"product","link":"https:\/\/albirmuebles.com\/es\/producto\/gaudixmulticojines\/","title":{"rendered":"GAUDIXMULTICOJINES"},"content":{"rendered":"<div id=\"tab-info\">\n<div class=\"descripcion\">\n<p><strong><u>Medidas<\/u><\/strong><\/p>\n<p>4 PL: 240 cm de ancho<\/p>\n<p>3 PL: 206 cm de ancho<\/p>\n<p>2 PL: 176 cm de ancho<\/p>\n<p>1 PL: 105 cm de ancho<\/p>\n<p>COMPOSICI\u00d3N 3 PL: 296 cm de ancho<\/p>\n<p>COMPOSICI\u00d3N 2 PL: 251 cm de ancho<\/p>\n<p>RINCON: 1.05 cm*1.05 cm<\/p>\n<p>&nbsp;<\/p>\n<\/div>\n<\/div>\n<div id=\"tab-caracteristicas\">\n<h3>Caracter\u00edsticas<\/h3>\n<ul>\n<li><strong>Estructura:<\/strong>\u00a0Pino macizo y aglomerado<\/li>\n<li><strong>Base:<\/strong>\u00a0Cincha el\u00e1stica<\/li>\n<li><strong>Patas:<\/strong>\u00a0Madera<\/li>\n<li><strong>Respaldos:<\/strong>\u00a0100% fibra<\/li>\n<li><strong>Asientos:<\/strong>\u00a0Espuma 30 kg suave. Cubierta de fibra y visco<\/li>\n<li><strong>Medida del brazo:<\/strong>\u00a014 cm<\/li>\n<li><strong>Profundidad:<\/strong>\u00a0100 cm<\/li>\n<li><strong>Alto:<\/strong>\u00a089 cm<\/li>\n<li><strong>Profundidad:<\/strong>\u00a0100 cm<\/li>\n<li><strong>Alto:<\/strong>\u00a087 cm<\/li>\n<li><strong>Opciones:<\/strong>\u00a0Asiento de pluma<\/li>\n<li><strong>Desenfundable:<\/strong>\u00a0Estructura y cojines<\/li>\n<\/ul>\n<\/div>\n","protected":false},"excerpt":{"rendered":"<p>Medidas 4 PL: 240 cm de ancho 3 PL: 206 cm de ancho 2 PL: 176 cm de ancho 1 PL: 105 cm de ancho COMPOSICI\u00d3N 3 PL: 296 cm de ancho COMPOSICI\u00d3N 2 PL: 251 cm de ancho RINCON: 1.05 cm*1.05 cm &nbsp; Caracter\u00edsticas Estructura:\u00a0Pino macizo y aglomerado Base:\u00a0Cincha el\u00e1stica Patas:\u00a0Madera Respaldos:\u00a0100% fibra Asientos:\u00a0Espuma [&hellip;]<\/p>\n","protected":false},"featured_media":9274,"comment_status":"closed","ping_status":"closed","template":"","meta":[],"product_cat":[164],"product_tag":[],"class_list":["post-9273","product","type-product","status-publish","has-post-thumbnail","hentry","product_cat-sofa-de-tela"],"yoast_head":"<!-- This site is optimized with the Yoast SEO plugin v26.7 - https:\/\/yoast.com\/wordpress\/plugins\/seo\/ -->\n<title>GAUDIXMULTICOJINES - Muebles Albir<\/title>\n<meta name=\"robots\" content=\"index, follow, max-snippet:-1, max-image-preview:large, max-video-preview:-1\" \/>\n<link rel=\"canonical\" href=\"https:\/\/albirmuebles.com\/es\/producto\/gaudixmulticojines\/\" \/>\n<meta property=\"og:locale\" content=\"es_ES\" \/>\n<meta property=\"og:type\" content=\"article\" \/>\n<meta property=\"og:title\" content=\"GAUDIXMULTICOJINES - Muebles Albir\" \/>\n<meta property=\"og:description\" content=\"Medidas 4 PL: 240 cm de ancho 3 PL: 206 cm de ancho 2 PL: 176 cm de ancho 1 PL: 105 cm de ancho COMPOSICI\u00d3N 3 PL: 296 cm de ancho COMPOSICI\u00d3N 2 PL: 251 cm de ancho RINCON: 1.05 cm*1.05 cm &nbsp; Caracter\u00edsticas Estructura:\u00a0Pino macizo y aglomerado Base:\u00a0Cincha el\u00e1stica Patas:\u00a0Madera Respaldos:\u00a0100% fibra Asientos:\u00a0Espuma [&hellip;]\" \/>\n<meta property=\"og:url\" content=\"https:\/\/albirmuebles.com\/es\/producto\/gaudixmulticojines\/\" \/>\n<meta property=\"og:site_name\" content=\"Muebles Albir\" \/>\n<meta property=\"article:publisher\" content=\"https:\/\/www.facebook.com\/Albir-Muebles-217159521715557\/\" \/>\n<meta property=\"og:image\" content=\"https:\/\/albirmuebles.com\/wp-content\/uploads\/2021\/03\/gaudi.1500286568.jpg\" \/>\n\t<meta property=\"og:image:width\" content=\"700\" \/>\n\t<meta property=\"og:image:height\" content=\"568\" \/>\n\t<meta property=\"og:image:type\" content=\"image\/jpeg\" \/>\n<meta name=\"twitter:card\" content=\"summary_large_image\" \/>\n<script type=\"application\/ld+json\" class=\"yoast-schema-graph\">{\"@context\":\"https:\/\/schema.org\",\"@graph\":[{\"@type\":\"WebPage\",\"@id\":\"https:\/\/albirmuebles.com\/es\/producto\/gaudixmulticojines\/\",\"url\":\"https:\/\/albirmuebles.com\/es\/producto\/gaudixmulticojines\/\",\"name\":\"GAUDIXMULTICOJINES - Muebles Albir\",\"isPartOf\":{\"@id\":\"https:\/\/albirmuebles.com\/#website\"},\"primaryImageOfPage\":{\"@id\":\"https:\/\/albirmuebles.com\/es\/producto\/gaudixmulticojines\/#primaryimage\"},\"image\":{\"@id\":\"https:\/\/albirmuebles.com\/es\/producto\/gaudixmulticojines\/#primaryimage\"},\"thumbnailUrl\":\"https:\/\/e3vgfxkvpic.exactdn.com\/wp-content\/uploads\/2021\/03\/gaudi.1500286568.jpg?strip=all\",\"datePublished\":\"2021-03-02T15:54:14+00:00\",\"breadcrumb\":{\"@id\":\"https:\/\/albirmuebles.com\/es\/producto\/gaudixmulticojines\/#breadcrumb\"},\"inLanguage\":\"es\",\"potentialAction\":[{\"@type\":\"ReadAction\",\"target\":[\"https:\/\/albirmuebles.com\/es\/producto\/gaudixmulticojines\/\"]}]},{\"@type\":\"ImageObject\",\"inLanguage\":\"es\",\"@id\":\"https:\/\/albirmuebles.com\/es\/producto\/gaudixmulticojines\/#primaryimage\",\"url\":\"https:\/\/e3vgfxkvpic.exactdn.com\/wp-content\/uploads\/2021\/03\/gaudi.1500286568.jpg?strip=all\",\"contentUrl\":\"https:\/\/e3vgfxkvpic.exactdn.com\/wp-content\/uploads\/2021\/03\/gaudi.1500286568.jpg?strip=all\",\"width\":700,\"height\":568},{\"@type\":\"BreadcrumbList\",\"@id\":\"https:\/\/albirmuebles.com\/es\/producto\/gaudixmulticojines\/#breadcrumb\",\"itemListElement\":[{\"@type\":\"ListItem\",\"position\":1,\"name\":\"Home\",\"item\":\"https:\/\/albirmuebles.com\/es\/\"},{\"@type\":\"ListItem\",\"position\":2,\"name\":\"Shop\",\"item\":\"https:\/\/albirmuebles.com\/shop\/\"},{\"@type\":\"ListItem\",\"position\":3,\"name\":\"GAUDIXMULTICOJINES\"}]},{\"@type\":\"WebSite\",\"@id\":\"https:\/\/albirmuebles.com\/#website\",\"url\":\"https:\/\/albirmuebles.com\/\",\"name\":\"Muebles Albir\",\"description\":\"Muebles Albir\",\"publisher\":{\"@id\":\"https:\/\/albirmuebles.com\/#organization\"},\"potentialAction\":[{\"@type\":\"SearchAction\",\"target\":{\"@type\":\"EntryPoint\",\"urlTemplate\":\"https:\/\/albirmuebles.com\/?s={search_term_string}\"},\"query-input\":{\"@type\":\"PropertyValueSpecification\",\"valueRequired\":true,\"valueName\":\"search_term_string\"}}],\"inLanguage\":\"es\"},{\"@type\":\"Organization\",\"@id\":\"https:\/\/albirmuebles.com\/#organization\",\"name\":\"Albirmuebles\",\"url\":\"https:\/\/albirmuebles.com\/\",\"logo\":{\"@type\":\"ImageObject\",\"inLanguage\":\"es\",\"@id\":\"https:\/\/albirmuebles.com\/#\/schema\/logo\/image\/\",\"url\":\"https:\/\/albirmuebles.com\/wp-content\/uploads\/2020\/10\/logo_albir.png\",\"contentUrl\":\"https:\/\/albirmuebles.com\/wp-content\/uploads\/2020\/10\/logo_albir.png\",\"width\":800,\"height\":235,\"caption\":\"Albirmuebles\"},\"image\":{\"@id\":\"https:\/\/albirmuebles.com\/#\/schema\/logo\/image\/\"},\"sameAs\":[\"https:\/\/www.facebook.com\/Albir-Muebles-217159521715557\/\",\"https:\/\/www.instagram.com\/albir.muebles\/\"]}]}<\/script>\n<!-- \/ Yoast SEO plugin. -->","yoast_head_json":{"title":"GAUDIXMULTICOJINES - Muebles Albir","robots":{"index":"index","follow":"follow","max-snippet":"max-snippet:-1","max-image-preview":"max-image-preview:large","max-video-preview":"max-video-preview:-1"},"canonical":"https:\/\/albirmuebles.com\/es\/producto\/gaudixmulticojines\/","og_locale":"es_ES","og_type":"article","og_title":"GAUDIXMULTICOJINES - Muebles Albir","og_description":"Medidas 4 PL: 240 cm de ancho 3 PL: 206 cm de ancho 2 PL: 176 cm de ancho 1 PL: 105 cm de ancho COMPOSICI\u00d3N 3 PL: 296 cm de ancho COMPOSICI\u00d3N 2 PL: 251 cm de ancho RINCON: 1.05 cm*1.05 cm &nbsp; Caracter\u00edsticas Estructura:\u00a0Pino macizo y aglomerado Base:\u00a0Cincha el\u00e1stica Patas:\u00a0Madera Respaldos:\u00a0100% fibra Asientos:\u00a0Espuma [&hellip;]","og_url":"https:\/\/albirmuebles.com\/es\/producto\/gaudixmulticojines\/","og_site_name":"Muebles Albir","article_publisher":"https:\/\/www.facebook.com\/Albir-Muebles-217159521715557\/","og_image":[{"width":700,"height":568,"url":"https:\/\/albirmuebles.com\/wp-content\/uploads\/2021\/03\/gaudi.1500286568.jpg","type":"image\/jpeg"}],"twitter_card":"summary_large_image","schema":{"@context":"https:\/\/schema.org","@graph":[{"@type":"WebPage","@id":"https:\/\/albirmuebles.com\/es\/producto\/gaudixmulticojines\/","url":"https:\/\/albirmuebles.com\/es\/producto\/gaudixmulticojines\/","name":"GAUDIXMULTICOJINES - Muebles Albir","isPartOf":{"@id":"https:\/\/albirmuebles.com\/#website"},"primaryImageOfPage":{"@id":"https:\/\/albirmuebles.com\/es\/producto\/gaudixmulticojines\/#primaryimage"},"image":{"@id":"https:\/\/albirmuebles.com\/es\/producto\/gaudixmulticojines\/#primaryimage"},"thumbnailUrl":"https:\/\/e3vgfxkvpic.exactdn.com\/wp-content\/uploads\/2021\/03\/gaudi.1500286568.jpg?strip=all","datePublished":"2021-03-02T15:54:14+00:00","breadcrumb":{"@id":"https:\/\/albirmuebles.com\/es\/producto\/gaudixmulticojines\/#breadcrumb"},"inLanguage":"es","potentialAction":[{"@type":"ReadAction","target":["https:\/\/albirmuebles.com\/es\/producto\/gaudixmulticojines\/"]}]},{"@type":"ImageObject","inLanguage":"es","@id":"https:\/\/albirmuebles.com\/es\/producto\/gaudixmulticojines\/#primaryimage","url":"https:\/\/e3vgfxkvpic.exactdn.com\/wp-content\/uploads\/2021\/03\/gaudi.1500286568.jpg?strip=all","contentUrl":"https:\/\/e3vgfxkvpic.exactdn.com\/wp-content\/uploads\/2021\/03\/gaudi.1500286568.jpg?strip=all","width":700,"height":568},{"@type":"BreadcrumbList","@id":"https:\/\/albirmuebles.com\/es\/producto\/gaudixmulticojines\/#breadcrumb","itemListElement":[{"@type":"ListItem","position":1,"name":"Home","item":"https:\/\/albirmuebles.com\/es\/"},{"@type":"ListItem","position":2,"name":"Shop","item":"https:\/\/albirmuebles.com\/shop\/"},{"@type":"ListItem","position":3,"name":"GAUDIXMULTICOJINES"}]},{"@type":"WebSite","@id":"https:\/\/albirmuebles.com\/#website","url":"https:\/\/albirmuebles.com\/","name":"Muebles Albir","description":"Muebles Albir","publisher":{"@id":"https:\/\/albirmuebles.com\/#organization"},"potentialAction":[{"@type":"SearchAction","target":{"@type":"EntryPoint","urlTemplate":"https:\/\/albirmuebles.com\/?s={search_term_string}"},"query-input":{"@type":"PropertyValueSpecification","valueRequired":true,"valueName":"search_term_string"}}],"inLanguage":"es"},{"@type":"Organization","@id":"https:\/\/albirmuebles.com\/#organization","name":"Albirmuebles","url":"https:\/\/albirmuebles.com\/","logo":{"@type":"ImageObject","inLanguage":"es","@id":"https:\/\/albirmuebles.com\/#\/schema\/logo\/image\/","url":"https:\/\/albirmuebles.com\/wp-content\/uploads\/2020\/10\/logo_albir.png","contentUrl":"https:\/\/albirmuebles.com\/wp-content\/uploads\/2020\/10\/logo_albir.png","width":800,"height":235,"caption":"Albirmuebles"},"image":{"@id":"https:\/\/albirmuebles.com\/#\/schema\/logo\/image\/"},"sameAs":["https:\/\/www.facebook.com\/Albir-Muebles-217159521715557\/","https:\/\/www.instagram.com\/albir.muebles\/"]}]}},"_links":{"self":[{"href":"https:\/\/albirmuebles.com\/es\/wp-json\/wp\/v2\/product\/9273","targetHints":{"allow":["GET"]}}],"collection":[{"href":"https:\/\/albirmuebles.com\/es\/wp-json\/wp\/v2\/product"}],"about":[{"href":"https:\/\/albirmuebles.com\/es\/wp-json\/wp\/v2\/types\/product"}],"replies":[{"embeddable":true,"href":"https:\/\/albirmuebles.com\/es\/wp-json\/wp\/v2\/comments?post=9273"}],"version-history":[{"count":0,"href":"https:\/\/albirmuebles.com\/es\/wp-json\/wp\/v2\/product\/9273\/revisions"}],"wp:featuredmedia":[{"embeddable":true,"href":"https:\/\/albirmuebles.com\/es\/wp-json\/wp\/v2\/media\/9274"}],"wp:attachment":[{"href":"https:\/\/albirmuebles.com\/es\/wp-json\/wp\/v2\/media?parent=9273"}],"wp:term":[{"taxonomy":"product_cat","embeddable":true,"href":"https:\/\/albirmuebles.com\/es\/wp-json\/wp\/v2\/product_cat?post=9273"},{"taxonomy":"product_tag","embeddable":true,"href":"https:\/\/albirmuebles.com\/es\/wp-json\/wp\/v2\/product_tag?post=9273"}],"curies":[{"name":"wp","href":"https:\/\/api.w.org\/{rel}","templated":true}]}}